{"id":16441,"date":"2021-07-07T11:55:35","date_gmt":"2021-07-07T09:55:35","guid":{"rendered":"https:\/\/www.pack-verde.com\/blog\/nachhaltigkeit-im-unternehmen\/"},"modified":"2021-07-07T11:55:35","modified_gmt":"2021-07-07T09:55:35","slug":"nachhaltigkeit-im-unternehmen","status":"publish","type":"page","link":"https:\/\/www.pack-verde.com\/blog\/ch-de\/nachhaltigkeit-im-unternehmen\/","title":{"rendered":"Nachhaltigkeit im Unternehmen"},"content":{"rendered":"<div class=\"wpb-content-wrapper\"><p>[vc_row css=&#187;.vc_custom_1620802495703{margin-bottom: 100px !important;}&#187;][vc_column]<style type=\"text\/css\" data-type=\"the7_shortcodes-inline-css\">.blog-shortcode.blog-list-shortcode-id-eddd0380feddb197fe9edf3e5973e344.bottom-overlap-layout-list .post-entry-content {\n  margin-top: -210px;\n  width: 80%;\n}\n.blog-shortcode.blog-list-shortcode-id-eddd0380feddb197fe9edf3e5973e344.bottom-overlap-layout-list:not(.mode-list) .no-img .post-entry-content {\n  margin-top: 0;\n  width: 100%;\n}\n.blog-shortcode.blog-list-shortcode-id-eddd0380feddb197fe9edf3e5973e344.bottom-overlap-layout-list.mode-list .no-img .post-entry-content {\n  margin-top: 0;\n}\n.blog-shortcode.blog-list-shortcode-id-eddd0380feddb197fe9edf3e5973e344 .filter-bg-decoration .filter-categories a.act {\n  color: #fff;\n}\n.blog-shortcode.blog-list-shortcode-id-eddd0380feddb197fe9edf3e5973e344:not(.mode-masonry) article {\n  margin-top: 50px;\n}\n.blog-shortcode.blog-list-shortcode-id-eddd0380feddb197fe9edf3e5973e344:not(.mode-masonry) article:first-of-type,\n.blog-shortcode.blog-list-shortcode-id-eddd0380feddb197fe9edf3e5973e344:not(.mode-masonry) article.visible.first:not(.product) {\n  margin-top: 0;\n}\n.blog-shortcode.blog-list-shortcode-id-eddd0380feddb197fe9edf3e5973e344.dividers-on:not(.mode-masonry) article {\n  margin-top: 0;\n  padding-top: 50px;\n}\n.blog-shortcode.blog-list-shortcode-id-eddd0380feddb197fe9edf3e5973e344.dividers-on:not(.mode-masonry) article:first-of-type,\n.blog-shortcode.blog-list-shortcode-id-eddd0380feddb197fe9edf3e5973e344.dividers-on:not(.mode-masonry) article.visible.first:not(.product) {\n  margin-top: 0;\n  padding-top: 0;\n}\n.blog-shortcode.blog-list-shortcode-id-eddd0380feddb197fe9edf3e5973e344 .post-thumbnail-wrap {\n  padding: 0px 0px 0px 0px;\n}\n.blog-shortcode.blog-list-shortcode-id-eddd0380feddb197fe9edf3e5973e344.enable-bg-rollover .post-thumbnail-rollover:after {\n  background: -webkit-linear-gradient();\n  background: linear-gradient();\n}\n.blog-shortcode.blog-list-shortcode-id-eddd0380feddb197fe9edf3e5973e344 .gallery-zoom-ico {\n  width: 44px;\n  height: 44px;\n  line-height: 44px;\n  border-radius: 100px;\n  margin: -22px 0 0 -22px;\n  border-width: 0px;\n  color: #ffffff;\n}\n.bottom-overlap-layout-list.blog-shortcode.blog-list-shortcode-id-eddd0380feddb197fe9edf3e5973e344 .gallery-zoom-ico {\n  margin-top: -127px;\n}\n.gradient-overlay-layout-list.blog-shortcode.blog-list-shortcode-id-eddd0380feddb197fe9edf3e5973e344 .gallery-zoom-ico,\n.content-rollover-layout-list.blog-shortcode.blog-list-shortcode-id-eddd0380feddb197fe9edf3e5973e344 .gallery-zoom-ico {\n  margin: 0 0 10px;\n}\n.content-align-center.gradient-overlay-layout-list.blog-shortcode.blog-list-shortcode-id-eddd0380feddb197fe9edf3e5973e344 .gallery-zoom-ico,\n.content-align-center.content-rollover-layout-list.blog-shortcode.blog-list-shortcode-id-eddd0380feddb197fe9edf3e5973e344 .gallery-zoom-ico {\n  margin: 0 auto 10px;\n}\n.dt-icon-bg-on.blog-shortcode.blog-list-shortcode-id-eddd0380feddb197fe9edf3e5973e344 .gallery-zoom-ico {\n  background: rgba(255,255,255,0.3);\n  box-shadow: none;\n}\n.blog-shortcode.blog-list-shortcode-id-eddd0380feddb197fe9edf3e5973e344 .gallery-zoom-ico > span,\n.blog-shortcode.blog-list-shortcode-id-eddd0380feddb197fe9edf3e5973e344 .gallery-zoom-ico:before {\n  font-size: 32px;\n  line-height: 44px;\n}\n.blog-shortcode.blog-list-shortcode-id-eddd0380feddb197fe9edf3e5973e344 .gallery-zoom-ico > span,\n.blog-shortcode.blog-list-shortcode-id-eddd0380feddb197fe9edf3e5973e344 .gallery-zoom-ico:before {\n  color: #ffffff;\n}\n.blog-shortcode.blog-list-shortcode-id-eddd0380feddb197fe9edf3e5973e344 .fancy-date a {\n  background: #ffffff;\n  box-shadow: none;\n}\n.blog-shortcode.blog-list-shortcode-id-eddd0380feddb197fe9edf3e5973e344 .fancy-date a * {\n  color: #2d2d2d;\n}\n.blog-shortcode.blog-list-shortcode-id-eddd0380feddb197fe9edf3e5973e344 .entry-title,\n.blog-shortcode.blog-list-shortcode-id-eddd0380feddb197fe9edf3e5973e344.owl-carousel .entry-title {\n  margin-bottom: 5px;\n  font-weight: bold;\n}\n.blog-shortcode.blog-list-shortcode-id-eddd0380feddb197fe9edf3e5973e344 .entry-meta {\n  margin-bottom: 10px;\n}\n.blog-shortcode.blog-list-shortcode-id-eddd0380feddb197fe9edf3e5973e344 .portfolio-categories {\n  margin-bottom: 10px;\n}\n.blog-shortcode.blog-list-shortcode-id-eddd0380feddb197fe9edf3e5973e344 .entry-excerpt {\n  margin-bottom: 5px;\n}\n.blog-shortcode.blog-list-shortcode-id-eddd0380feddb197fe9edf3e5973e344:not(.centered-layout-list) .post-entry-content {\n  padding: 25px 30px 30px 30px;\n}\n.blog-shortcode.blog-list-shortcode-id-eddd0380feddb197fe9edf3e5973e344:not(.centered-layout-list):not(.content-bg-on):not(.mode-list) .no-img .post-entry-content {\n  padding: 0;\n}\n@media screen and (max-width: 768px) {\n  .blog-shortcode.blog-list-shortcode-id-eddd0380feddb197fe9edf3e5973e344 article {\n    -ms-flex-flow: column nowrap;\n    flex-flow: column nowrap;\n    margin-top: 20px;\n  }\n  .blog-shortcode.blog-list-shortcode-id-eddd0380feddb197fe9edf3e5973e344.dividers-on article {\n    border: none;\n  }\n  .blog-shortcode.blog-list-shortcode-id-eddd0380feddb197fe9edf3e5973e344.content-bg-on.centered-layout-list article {\n    padding: 0;\n  }\n  .blog-shortcode.blog-list-shortcode-id-eddd0380feddb197fe9edf3e5973e344.blog-shortcode.dividers-on article,\n  .blog-shortcode.blog-list-shortcode-id-eddd0380feddb197fe9edf3e5973e344.dividers-on.classic-layout-list article {\n    margin-top: 20px;\n    padding: 0;\n  }\n  .blog-shortcode.blog-list-shortcode-id-eddd0380feddb197fe9edf3e5973e344.blog-shortcode.dividers-on article:first-of-type,\n  .blog-shortcode.blog-list-shortcode-id-eddd0380feddb197fe9edf3e5973e344.dividers-on.classic-layout-list article:first-of-type {\n    padding: 0;\n  }\n  #page .blog-shortcode.blog-list-shortcode-id-eddd0380feddb197fe9edf3e5973e344 .post-thumbnail-wrap,\n  #page .blog-shortcode.blog-list-shortcode-id-eddd0380feddb197fe9edf3e5973e344 .post-entry-content {\n    width: 100%;\n    margin: 0;\n    top: 0;\n  }\n  #page .blog-shortcode.blog-list-shortcode-id-eddd0380feddb197fe9edf3e5973e344 .post-thumbnail-wrap {\n    padding: 0;\n  }\n  #page .blog-shortcode.blog-list-shortcode-id-eddd0380feddb197fe9edf3e5973e344 .post-entry-content:after {\n    display: none;\n  }\n  #page .blog-shortcode.blog-list-shortcode-id-eddd0380feddb197fe9edf3e5973e344 .project-even .post-thumbnail-wrap,\n  #page .blog-shortcode.blog-list-shortcode-id-eddd0380feddb197fe9edf3e5973e344.centered-layout-list .post-thumbnail-wrap {\n    -ms-flex-order: 0;\n    order: 0;\n  }\n  #page .blog-shortcode.blog-list-shortcode-id-eddd0380feddb197fe9edf3e5973e344.centered-layout-list .post-entry-title-content {\n    -ms-flex-order: 1;\n    order: 1;\n    width: 100%;\n    padding: 20px 20px 0;\n  }\n  #page .blog-shortcode.blog-list-shortcode-id-eddd0380feddb197fe9edf3e5973e344.centered-layout-list .post-entry-content {\n    -ms-flex-order: 2;\n    order: 2;\n    padding-top: 0;\n  }\n  #page .blog-shortcode.blog-list-shortcode-id-eddd0380feddb197fe9edf3e5973e344 .fancy-categories {\n    top: 10px;\n    left: 10px;\n    bottom: auto;\n    right: auto;\n  }\n  #page .blog-shortcode.blog-list-shortcode-id-eddd0380feddb197fe9edf3e5973e344 .fancy-date a {\n    top: 10px;\n    right: 10px;\n    left: auto;\n    bottom: auto;\n  }\n  #page .blog-shortcode.blog-list-shortcode-id-eddd0380feddb197fe9edf3e5973e344 .post-entry-content {\n    padding: 20px;\n  }\n  #page .blog-shortcode.blog-list-shortcode-id-eddd0380feddb197fe9edf3e5973e344 .entry-title {\n    margin: 3px 0 5px;\n    font-size: 20px;\n    line-height: 26px;\n  }\n  #page .blog-shortcode.blog-list-shortcode-id-eddd0380feddb197fe9edf3e5973e344 .entry-meta {\n    margin: 5px 0 5px;\n  }\n  #page .blog-shortcode.blog-list-shortcode-id-eddd0380feddb197fe9edf3e5973e344 .entry-excerpt {\n    margin: 15px 0 0;\n  }\n  #page .blog-shortcode.blog-list-shortcode-id-eddd0380feddb197fe9edf3e5973e344 .post-details {\n    margin: 5px 0 10px;\n  }\n  #page .blog-shortcode.blog-list-shortcode-id-eddd0380feddb197fe9edf3e5973e344 .post-details.details-type-link {\n    margin-bottom: 2px;\n  }\n}<\/style><div class=\"articles-list blog-shortcode mode-list blog-list-shortcode-id-eddd0380feddb197fe9edf3e5973e344 bottom-overlap-layout-list content-bg-on jquery-filter filter-align-left scale-img dt-icon-bg-off loading-effect-fade-in\" data-cur-page=\"1\" data-post-limit=\"-1\" data-pagination-mode=\"none\"><article class=\"post project-odd visible post-19605 type-post status-publish format-standard has-post-thumbnail hentry category-nachhaltigkeit category-praxistipps category-109 category-114 description-off\" data-name=\"Mehrweg statt Einweg: Unterwegs nachhaltig geniessen\" data-date=\"2025-09-22T11:41:17+02:00\">\n\n<div class=\"post-thumbnail-wrap\">\n\t<div class=\"post-thumbnail\">\n\n\t\t\n\t\t\n\t\t<a href=\"https:\/\/www.pack-verde.com\/blog\/ch-de\/nachhaltigkeit\/mehrweg-statt-einweg-unterwegs-nachhaltig-geniessen\/\" class=\"post-thumbnail-rollover\" ><img decoding=\"async\" class=\"preload-me aspect\" src=\"https:\/\/www.pack-verde.com\/blog\/wp-content\/uploads\/2025\/09\/215A39-L_DB6_Kopie-839x419.jpg\" srcset=\"https:\/\/www.pack-verde.com\/blog\/wp-content\/uploads\/2025\/09\/215A39-L_DB6_Kopie-839x419.jpg 839w, https:\/\/www.pack-verde.com\/blog\/wp-content\/uploads\/2025\/09\/215A39-L_DB6_Kopie-840x419.jpg 840w\" style=\"--ratio: 839 \/ 419\" sizes=\"(max-width: 839px) 100vw, 839px\" alt=\"\" title=\"215A39-L_DB6_Kopie\" width=\"839\" height=\"419\"  \/><\/a>\n\t<\/div>\n<\/div>\n\n\n<div class=\"post-entry-content\">\n\n\t<h3 class=\"entry-title\">\n\t\t<a href=\"https:\/\/www.pack-verde.com\/blog\/ch-de\/nachhaltigkeit\/mehrweg-statt-einweg-unterwegs-nachhaltig-geniessen\/\" title=\"Mehrweg statt Einweg: Unterwegs nachhaltig geniessen\" rel=\"bookmark\">Mehrweg statt Einweg: Unterwegs nachhaltig geniessen<\/a>\n\t<\/h3>\n\n\t<div class=\"entry-meta\"><span class=\"category-link\"><a href=\"https:\/\/www.pack-verde.com\/blog\/ch-de\/.\/nachhaltigkeit\/\">Nachhaltigkeit<\/a>, <a href=\"https:\/\/www.pack-verde.com\/blog\/ch-de\/.\/praxistipps\/\">Praxis-Tipps<\/a><\/span><\/div>\n\n\t\n\t\n<\/div><\/article><\/div>[\/vc_column][\/vc_row][vc_row][vc_column]<div id=\"ultimate-heading-656269f3636093b9d\" class=\"uvc-heading ult-adjust-bottom-margin ultimate-heading-656269f3636093b9d uvc-632  uvc-heading-default-font-sizes\" data-hspacer=\"no_spacer\"  data-halign=\"left\" style=\"text-align:left\"><div class=\"uvc-heading-spacer no_spacer\" style=\"top\"><\/div><div class=\"uvc-main-heading ult-responsive\"  data-ultimate-target='.uvc-heading.ultimate-heading-656269f3636093b9d h2'  data-responsive-json-new='{\"font-size\":\"\",\"line-height\":\"\"}' ><h2 style=\"--font-weight:theme;margin-bottom:20px;\">Kategorie Nachhaltigkeit im Unternehmen - Neueste Beitr\u00e4ge<\/h2><\/div><\/div><style type=\"text\/css\" data-type=\"the7_shortcodes-inline-css\">.blog-shortcode.blog-list-shortcode-id-e2a23cd76ad748580465b75da4218c99.dividers-on.classic-layout-list article {\n  margin-top: 20px;\n  padding-top: 0;\n}\n.blog-shortcode.blog-list-shortcode-id-e2a23cd76ad748580465b75da4218c99.dividers-on.classic-layout-list article:first-of-type {\n  margin-top: 0;\n  padding-top: 0;\n}\n.blog-shortcode.blog-list-shortcode-id-e2a23cd76ad748580465b75da4218c99.classic-layout-list.mode-list .post-thumbnail-wrap {\n  width: 50%;\n}\n.blog-shortcode.blog-list-shortcode-id-e2a23cd76ad748580465b75da4218c99.classic-layout-list.mode-list .post-entry-content {\n  width: calc(100% - 50%);\n}\n.blog-shortcode.blog-list-shortcode-id-e2a23cd76ad748580465b75da4218c99.classic-layout-list.mode-list .no-img .post-entry-content {\n  width: 100%;\n}\n.blog-shortcode.blog-list-shortcode-id-e2a23cd76ad748580465b75da4218c99 .filter-bg-decoration .filter-categories a.act {\n  color: #fff;\n}\n.blog-shortcode.blog-list-shortcode-id-e2a23cd76ad748580465b75da4218c99:not(.mode-masonry) article {\n  margin-top: 20px;\n}\n.blog-shortcode.blog-list-shortcode-id-e2a23cd76ad748580465b75da4218c99:not(.mode-masonry) article:first-of-type,\n.blog-shortcode.blog-list-shortcode-id-e2a23cd76ad748580465b75da4218c99:not(.mode-masonry) article.visible.first:not(.product) {\n  margin-top: 0;\n}\n.blog-shortcode.blog-list-shortcode-id-e2a23cd76ad748580465b75da4218c99.dividers-on:not(.mode-masonry) article {\n  margin-top: 0;\n  padding-top: 20px;\n}\n.blog-shortcode.blog-list-shortcode-id-e2a23cd76ad748580465b75da4218c99.dividers-on:not(.mode-masonry) article:first-of-type,\n.blog-shortcode.blog-list-shortcode-id-e2a23cd76ad748580465b75da4218c99.dividers-on:not(.mode-masonry) article.visible.first:not(.product) {\n  margin-top: 0;\n  padding-top: 0;\n}\n.blog-shortcode.blog-list-shortcode-id-e2a23cd76ad748580465b75da4218c99 .post-thumbnail-wrap {\n  padding: 0px 0px 0px 0px;\n}\n.blog-shortcode.blog-list-shortcode-id-e2a23cd76ad748580465b75da4218c99.enable-bg-rollover .post-thumbnail-rollover:after {\n  background: -webkit-linear-gradient();\n  background: linear-gradient();\n}\n.blog-shortcode.blog-list-shortcode-id-e2a23cd76ad748580465b75da4218c99 .gallery-zoom-ico {\n  width: 44px;\n  height: 44px;\n  line-height: 44px;\n  border-radius: 100px;\n  margin: -22px 0 0 -22px;\n  border-width: 0px;\n  color: #ffffff;\n}\n.bottom-overlap-layout-list.blog-shortcode.blog-list-shortcode-id-e2a23cd76ad748580465b75da4218c99 .gallery-zoom-ico {\n  margin-top: -22px;\n}\n.gradient-overlay-layout-list.blog-shortcode.blog-list-shortcode-id-e2a23cd76ad748580465b75da4218c99 .gallery-zoom-ico,\n.content-rollover-layout-list.blog-shortcode.blog-list-shortcode-id-e2a23cd76ad748580465b75da4218c99 .gallery-zoom-ico {\n  margin: 0 0 10px;\n}\n.content-align-center.gradient-overlay-layout-list.blog-shortcode.blog-list-shortcode-id-e2a23cd76ad748580465b75da4218c99 .gallery-zoom-ico,\n.content-align-center.content-rollover-layout-list.blog-shortcode.blog-list-shortcode-id-e2a23cd76ad748580465b75da4218c99 .gallery-zoom-ico {\n  margin: 0 auto 10px;\n}\n.dt-icon-bg-on.blog-shortcode.blog-list-shortcode-id-e2a23cd76ad748580465b75da4218c99 .gallery-zoom-ico {\n  background: rgba(255,255,255,0.3);\n  box-shadow: none;\n}\n.blog-shortcode.blog-list-shortcode-id-e2a23cd76ad748580465b75da4218c99 .gallery-zoom-ico > span,\n.blog-shortcode.blog-list-shortcode-id-e2a23cd76ad748580465b75da4218c99 .gallery-zoom-ico:before {\n  font-size: 32px;\n  line-height: 44px;\n}\n.blog-shortcode.blog-list-shortcode-id-e2a23cd76ad748580465b75da4218c99 .gallery-zoom-ico > span,\n.blog-shortcode.blog-list-shortcode-id-e2a23cd76ad748580465b75da4218c99 .gallery-zoom-ico:before {\n  color: #ffffff;\n}\n.blog-shortcode.blog-list-shortcode-id-e2a23cd76ad748580465b75da4218c99 .fancy-date a {\n  background: #ffffff;\n  box-shadow: none;\n}\n.blog-shortcode.blog-list-shortcode-id-e2a23cd76ad748580465b75da4218c99 .fancy-date a * {\n  color: #2d2d2d;\n}\n.blog-shortcode.blog-list-shortcode-id-e2a23cd76ad748580465b75da4218c99 .entry-title,\n.blog-shortcode.blog-list-shortcode-id-e2a23cd76ad748580465b75da4218c99.owl-carousel .entry-title {\n  margin-bottom: 8px;\n  font-weight: bold;\n}\n.blog-shortcode.blog-list-shortcode-id-e2a23cd76ad748580465b75da4218c99 .entry-meta {\n  margin-bottom: 5px;\n}\n.blog-shortcode.blog-list-shortcode-id-e2a23cd76ad748580465b75da4218c99 .portfolio-categories {\n  margin-bottom: 5px;\n}\n.blog-shortcode.blog-list-shortcode-id-e2a23cd76ad748580465b75da4218c99 .entry-excerpt {\n  margin-bottom: 10px;\n}\n.blog-shortcode.blog-list-shortcode-id-e2a23cd76ad748580465b75da4218c99:not(.centered-layout-list) .post-entry-content {\n  padding: 0px 20px 20px 20px;\n}\n.blog-shortcode.blog-list-shortcode-id-e2a23cd76ad748580465b75da4218c99:not(.centered-layout-list):not(.content-bg-on):not(.mode-list) .no-img .post-entry-content {\n  padding: 0;\n}\n@media screen and (max-width: 768px) {\n  .blog-shortcode.blog-list-shortcode-id-e2a23cd76ad748580465b75da4218c99 article {\n    -ms-flex-flow: column nowrap;\n    flex-flow: column nowrap;\n    margin-top: 20px;\n  }\n  .blog-shortcode.blog-list-shortcode-id-e2a23cd76ad748580465b75da4218c99.dividers-on article {\n    border: none;\n  }\n  .blog-shortcode.blog-list-shortcode-id-e2a23cd76ad748580465b75da4218c99.content-bg-on.centered-layout-list article {\n    padding: 0;\n  }\n  .blog-shortcode.blog-list-shortcode-id-e2a23cd76ad748580465b75da4218c99.blog-shortcode.dividers-on article,\n  .blog-shortcode.blog-list-shortcode-id-e2a23cd76ad748580465b75da4218c99.dividers-on.classic-layout-list article {\n    margin-top: 20px;\n    padding: 0;\n  }\n  .blog-shortcode.blog-list-shortcode-id-e2a23cd76ad748580465b75da4218c99.blog-shortcode.dividers-on article:first-of-type,\n  .blog-shortcode.blog-list-shortcode-id-e2a23cd76ad748580465b75da4218c99.dividers-on.classic-layout-list article:first-of-type {\n    padding: 0;\n  }\n  #page .blog-shortcode.blog-list-shortcode-id-e2a23cd76ad748580465b75da4218c99 .post-thumbnail-wrap,\n  #page .blog-shortcode.blog-list-shortcode-id-e2a23cd76ad748580465b75da4218c99 .post-entry-content {\n    width: 100%;\n    margin: 0;\n    top: 0;\n  }\n  #page .blog-shortcode.blog-list-shortcode-id-e2a23cd76ad748580465b75da4218c99 .post-thumbnail-wrap {\n    padding: 0;\n  }\n  #page .blog-shortcode.blog-list-shortcode-id-e2a23cd76ad748580465b75da4218c99 .post-entry-content:after {\n    display: none;\n  }\n  #page .blog-shortcode.blog-list-shortcode-id-e2a23cd76ad748580465b75da4218c99 .project-even .post-thumbnail-wrap,\n  #page .blog-shortcode.blog-list-shortcode-id-e2a23cd76ad748580465b75da4218c99.centered-layout-list .post-thumbnail-wrap {\n    -ms-flex-order: 0;\n    order: 0;\n  }\n  #page .blog-shortcode.blog-list-shortcode-id-e2a23cd76ad748580465b75da4218c99.centered-layout-list .post-entry-title-content {\n    -ms-flex-order: 1;\n    order: 1;\n    width: 100%;\n    padding: 20px 20px 0;\n  }\n  #page .blog-shortcode.blog-list-shortcode-id-e2a23cd76ad748580465b75da4218c99.centered-layout-list .post-entry-content {\n    -ms-flex-order: 2;\n    order: 2;\n    padding-top: 0;\n  }\n  #page .blog-shortcode.blog-list-shortcode-id-e2a23cd76ad748580465b75da4218c99 .fancy-categories {\n    top: 10px;\n    left: 10px;\n    bottom: auto;\n    right: auto;\n  }\n  #page .blog-shortcode.blog-list-shortcode-id-e2a23cd76ad748580465b75da4218c99 .fancy-date a {\n    top: 10px;\n    right: 10px;\n    left: auto;\n    bottom: auto;\n  }\n  #page .blog-shortcode.blog-list-shortcode-id-e2a23cd76ad748580465b75da4218c99 .post-entry-content {\n    padding: 20px;\n  }\n  #page .blog-shortcode.blog-list-shortcode-id-e2a23cd76ad748580465b75da4218c99 .entry-title {\n    margin: 3px 0 5px;\n    font-size: 20px;\n    line-height: 26px;\n  }\n  #page .blog-shortcode.blog-list-shortcode-id-e2a23cd76ad748580465b75da4218c99 .entry-meta {\n    margin: 5px 0 5px;\n  }\n  #page .blog-shortcode.blog-list-shortcode-id-e2a23cd76ad748580465b75da4218c99 .entry-excerpt {\n    margin: 15px 0 0;\n  }\n  #page .blog-shortcode.blog-list-shortcode-id-e2a23cd76ad748580465b75da4218c99 .post-details {\n    margin: 5px 0 10px;\n  }\n  #page .blog-shortcode.blog-list-shortcode-id-e2a23cd76ad748580465b75da4218c99 .post-details.details-type-link {\n    margin-bottom: 2px;\n  }\n}<\/style><div class=\"articles-list blog-shortcode mode-list blog-list-shortcode-id-e2a23cd76ad748580465b75da4218c99 classic-layout-list jquery-filter scale-img dt-icon-bg-off loading-effect-fade-in\" data-cur-page=\"1\" data-post-limit=\"-1\" data-pagination-mode=\"none\"><article class=\"post project-odd visible post-19605 type-post status-publish format-standard has-post-thumbnail hentry category-nachhaltigkeit category-praxistipps category-109 category-114 description-off\" data-name=\"Mehrweg statt Einweg: Unterwegs nachhaltig geniessen\" data-date=\"2025-09-22T11:41:17+02:00\">\n\n<div class=\"post-thumbnail-wrap\">\n\t<div class=\"post-thumbnail\">\n\n\t\t\n\t\t\n\t\t<a href=\"https:\/\/www.pack-verde.com\/blog\/ch-de\/nachhaltigkeit\/mehrweg-statt-einweg-unterwegs-nachhaltig-geniessen\/\" class=\"post-thumbnail-rollover\" ><img decoding=\"async\" class=\"preload-me aspect\" src=\"https:\/\/www.pack-verde.com\/blog\/wp-content\/uploads\/2025\/09\/215A39-L_DB6_Kopie-768x512.jpg\" srcset=\"https:\/\/www.pack-verde.com\/blog\/wp-content\/uploads\/2025\/09\/215A39-L_DB6_Kopie-768x512.jpg 768w, https:\/\/www.pack-verde.com\/blog\/wp-content\/uploads\/2025\/09\/215A39-L_DB6_Kopie-840x559.jpg 840w\" style=\"--ratio: 768 \/ 512\" sizes=\"(max-width: 768px) 100vw, 768px\" alt=\"\" title=\"215A39-L_DB6_Kopie\" width=\"768\" height=\"512\"  \/><\/a>\n\t<\/div>\n<\/div>\n\n\n<div class=\"post-entry-content\">\n\n\t<h3 class=\"entry-title\">\n\t\t<a href=\"https:\/\/www.pack-verde.com\/blog\/ch-de\/nachhaltigkeit\/mehrweg-statt-einweg-unterwegs-nachhaltig-geniessen\/\" title=\"Mehrweg statt Einweg: Unterwegs nachhaltig geniessen\" rel=\"bookmark\">Mehrweg statt Einweg: Unterwegs nachhaltig geniessen<\/a>\n\t<\/h3>\n\n\t<div class=\"entry-meta\"><span class=\"category-link\"><a href=\"https:\/\/www.pack-verde.com\/blog\/ch-de\/.\/nachhaltigkeit\/\">Nachhaltigkeit<\/a>, <a href=\"https:\/\/www.pack-verde.com\/blog\/ch-de\/.\/praxistipps\/\">Praxis-Tipps<\/a><\/span><time class=\"entry-date updated\" datetime=\"2025-09-22T11:41:17+02:00\">22. September 2025<\/time><\/div>\n\n\t<div class=\"entry-excerpt\"><p>[vc_row][vc_column width=&#187;1\/2&#8243;][vc_column_text css=&#187;&#187;] Praktisch &amp; Umweltfreundlich [\/vc_column_text][vc_empty_space height=&#187;40px&#187;][vc_column_text css=&#187;&#187;]Ein Coffee To-go am Morgen, Getr\u00e4nke auf dem Festival oder bequemes Abendessen&hellip;<\/p>\n<\/div>\n\t\n<a href=\"https:\/\/www.pack-verde.com\/blog\/ch-de\/nachhaltigkeit\/mehrweg-statt-einweg-unterwegs-nachhaltig-geniessen\/\" class=\"dt-btn-s dt-btn post-details details-type-btn\" aria-label=\"Read more about Mehrweg statt Einweg: Unterwegs nachhaltig geniessen\">Weiterlesen<i class=\"dt-icon-the7-arrow-03\" aria-hidden=\"true\"><\/i><\/a>\n\n<\/div><\/article><article class=\"post project-odd visible post-17630 type-post status-publish format-standard has-post-thumbnail hentry category-nachhaltigkeit category-verpackungsratgeber category-109 category-110 description-off\" data-name=\"Imbissbude nachhaltig betreiben \u2013 so wird Take-Away gr\u00fcn!\" data-date=\"2022-05-19T00:00:00+02:00\">\n\n<div class=\"post-thumbnail-wrap\">\n\t<div class=\"post-thumbnail\">\n\n\t\t\n\t\t\n\t\t<a href=\"https:\/\/www.pack-verde.com\/blog\/ch-de\/nachhaltigkeit\/imbissbude-nachhaltig-betreiben-so-wird-take-away-gruen\/\" class=\"post-thumbnail-rollover\" ><img decoding=\"async\" class=\"preload-me aspect\" src=\"https:\/\/www.pack-verde.com\/blog\/wp-content\/uploads\/2022\/05\/von-Albrecht-449x300.png\" srcset=\"https:\/\/www.pack-verde.com\/blog\/wp-content\/uploads\/2022\/05\/von-Albrecht-449x300.png 449w, https:\/\/www.pack-verde.com\/blog\/wp-content\/uploads\/2022\/05\/von-Albrecht-450x300.png 450w\" style=\"--ratio: 449 \/ 300\" sizes=\"(max-width: 449px) 100vw, 449px\" alt=\"Imbissbude nach\" title=\"von Albrecht\" width=\"449\" height=\"300\"  \/><\/a>\n\t<\/div>\n<\/div>\n\n\n<div class=\"post-entry-content\">\n\n\t<h3 class=\"entry-title\">\n\t\t<a href=\"https:\/\/www.pack-verde.com\/blog\/ch-de\/nachhaltigkeit\/imbissbude-nachhaltig-betreiben-so-wird-take-away-gruen\/\" title=\"Imbissbude nachhaltig betreiben \u2013 so wird Take-Away gr\u00fcn!\" rel=\"bookmark\">Imbissbude nachhaltig betreiben \u2013 so wird Take-Away gr\u00fcn!<\/a>\n\t<\/h3>\n\n\t<div class=\"entry-meta\"><span class=\"category-link\"><a href=\"https:\/\/www.pack-verde.com\/blog\/ch-de\/.\/nachhaltigkeit\/\">Nachhaltigkeit<\/a>, <a href=\"https:\/\/www.pack-verde.com\/blog\/ch-de\/.\/verpackungsratgeber\/\">Verpackungsratgeber<\/a><\/span><time class=\"entry-date updated\" datetime=\"2022-05-19T00:00:00+02:00\">19. Mai 2022<\/time><\/div>\n\n\t<div class=\"entry-excerpt\"><p>Gutes Essen beschr\u00e4nkt sich schon lange nicht mehr nur auf die eigene K\u00fcche oder das Lieblingsrestaurant. Das Bild vieler grosser&hellip;<\/p>\n<\/div>\n\t\n<a href=\"https:\/\/www.pack-verde.com\/blog\/ch-de\/nachhaltigkeit\/imbissbude-nachhaltig-betreiben-so-wird-take-away-gruen\/\" class=\"dt-btn-s dt-btn post-details details-type-btn\" aria-label=\"Read more about Imbissbude nachhaltig betreiben \u2013 so wird Take-Away gr\u00fcn!\">Weiterlesen<i class=\"dt-icon-the7-arrow-03\" aria-hidden=\"true\"><\/i><\/a>\n\n<\/div><\/article><article class=\"post project-odd visible post-17022 type-post status-publish format-standard has-post-thumbnail hentry category-nachhaltigkeit category-109 description-off\" data-name=\"Green Friday \u2013 die nachhaltige Alternative zum Black Friday?\" data-date=\"2021-10-07T12:00:00+02:00\">\n\n<div class=\"post-thumbnail-wrap\">\n\t<div class=\"post-thumbnail\">\n\n\t\t\n\t\t\n\t\t<a href=\"https:\/\/www.pack-verde.com\/blog\/ch-de\/nachhaltigkeit\/green-friday-die-nachhaltige-alternative-zum-black-friday\/\" class=\"post-thumbnail-rollover\" ><img decoding=\"async\" class=\"preload-me aspect\" src=\"https:\/\/www.pack-verde.com\/blog\/wp-content\/uploads\/2021\/10\/pexels-karolina-grabowska-5632378-scaled-768x512.jpg\" srcset=\"https:\/\/www.pack-verde.com\/blog\/wp-content\/uploads\/2021\/10\/pexels-karolina-grabowska-5632378-scaled-768x512.jpg 768w, https:\/\/www.pack-verde.com\/blog\/wp-content\/uploads\/2021\/10\/pexels-karolina-grabowska-5632378-scaled-1306x870.jpg 1306w\" style=\"--ratio: 768 \/ 512\" sizes=\"(max-width: 768px) 100vw, 768px\" alt=\"\" title=\"pexels-karolina-grabowska-5632378\" width=\"768\" height=\"512\"  \/><\/a>\n\t<\/div>\n<\/div>\n\n\n<div class=\"post-entry-content\">\n\n\t<h3 class=\"entry-title\">\n\t\t<a href=\"https:\/\/www.pack-verde.com\/blog\/ch-de\/nachhaltigkeit\/green-friday-die-nachhaltige-alternative-zum-black-friday\/\" title=\"Green Friday \u2013 die nachhaltige Alternative zum Black Friday?\" rel=\"bookmark\">Green Friday \u2013 die nachhaltige Alternative zum Black Friday?<\/a>\n\t<\/h3>\n\n\t<div class=\"entry-meta\"><span class=\"category-link\"><a href=\"https:\/\/www.pack-verde.com\/blog\/ch-de\/.\/nachhaltigkeit\/\">Nachhaltigkeit<\/a><\/span><time class=\"entry-date updated\" datetime=\"2021-10-07T12:00:00+02:00\">7. Oktober 2021<\/time><\/div>\n\n\t<div class=\"entry-excerpt\"><p>Jedes Jahr Ende November ist es so weit \u2013 es ist Black Friday: Tausende Schn\u00e4ppchenj\u00e4ger st\u00fcrzen sich vor allem im&hellip;<\/p>\n<\/div>\n\t\n<a href=\"https:\/\/www.pack-verde.com\/blog\/ch-de\/nachhaltigkeit\/green-friday-die-nachhaltige-alternative-zum-black-friday\/\" class=\"dt-btn-s dt-btn post-details details-type-btn\" aria-label=\"Read more about Green Friday \u2013 die nachhaltige Alternative zum Black Friday?\">Weiterlesen<i class=\"dt-icon-the7-arrow-03\" aria-hidden=\"true\"><\/i><\/a>\n\n<\/div><\/article><article class=\"post project-odd visible post-16851 type-post status-publish format-standard has-post-thumbnail hentry category-nachhaltigkeit category-109 description-off\" data-name=\"Wie gro\u00df ist Ihr Attitude Behavior Gap?\" data-date=\"2021-08-19T08:40:00+02:00\">\n\n<div class=\"post-thumbnail-wrap\">\n\t<div class=\"post-thumbnail\">\n\n\t\t\n\t\t\n\t\t<a href=\"https:\/\/www.pack-verde.com\/blog\/ch-de\/nachhaltigkeit\/wie-gross-ist-ihr-attitude-behavior-gap\/\" class=\"post-thumbnail-rollover\" ><img decoding=\"async\" class=\"preload-me aspect\" src=\"https:\/\/www.pack-verde.com\/blog\/wp-content\/uploads\/2021\/08\/shutterstock_566741413_V5-678x452.jpg\" srcset=\"https:\/\/www.pack-verde.com\/blog\/wp-content\/uploads\/2021\/08\/shutterstock_566741413_V5-678x452.jpg 678w\" style=\"--ratio: 678 \/ 452\" sizes=\"(max-width: 678px) 100vw, 678px\" alt=\"\" title=\"shutterstock_566741413_V5\" width=\"678\" height=\"452\"  \/><\/a>\n\t<\/div>\n<\/div>\n\n\n<div class=\"post-entry-content\">\n\n\t<h3 class=\"entry-title\">\n\t\t<a href=\"https:\/\/www.pack-verde.com\/blog\/ch-de\/nachhaltigkeit\/wie-gross-ist-ihr-attitude-behavior-gap\/\" title=\"Wie gro\u00df ist Ihr Attitude Behavior Gap?\" rel=\"bookmark\">Wie gro\u00df ist Ihr Attitude Behavior Gap?<\/a>\n\t<\/h3>\n\n\t<div class=\"entry-meta\"><span class=\"category-link\"><a href=\"https:\/\/www.pack-verde.com\/blog\/ch-de\/.\/nachhaltigkeit\/\">Nachhaltigkeit<\/a><\/span><time class=\"entry-date updated\" datetime=\"2021-08-19T08:40:00+02:00\">19. August 2021<\/time><\/div>\n\n\t<div class=\"entry-excerpt\"><p>Vielleicht haben Sie als Unternehmer den Begriff Attitude Behavior Gap schon einmal geh\u00f6rt. In diesem Blog, gehen wir detaillierter auf&hellip;<\/p>\n<\/div>\n\t\n<a href=\"https:\/\/www.pack-verde.com\/blog\/ch-de\/nachhaltigkeit\/wie-gross-ist-ihr-attitude-behavior-gap\/\" class=\"dt-btn-s dt-btn post-details details-type-btn\" aria-label=\"Read more about Wie gro\u00df ist Ihr Attitude Behavior Gap?\">Weiterlesen<i class=\"dt-icon-the7-arrow-03\" aria-hidden=\"true\"><\/i><\/a>\n\n<\/div><\/article><article class=\"post project-odd visible post-16609 type-post status-publish format-standard has-post-thumbnail hentry category-nachhaltigkeit category-verpackungsratgeber category-109 category-110 description-off\" data-name=\"Umweltfreundliches F\u00fcllmaterial und Polstermittel \u2013 Waren nachhaltig und sicher versenden\" data-date=\"2021-07-09T00:00:00+02:00\">\n\n<div class=\"post-thumbnail-wrap\">\n\t<div class=\"post-thumbnail\">\n\n\t\t\n\t\t\n\t\t<a href=\"https:\/\/www.pack-verde.com\/blog\/ch-de\/nachhaltigkeit\/umweltfreundliches-fuellmaterial-und-polstermittel-waren-nachhaltig-und-sicher-versenden\/\" class=\"post-thumbnail-rollover\" ><img decoding=\"async\" class=\"preload-me aspect\" src=\"https:\/\/www.pack-verde.com\/blog\/wp-content\/uploads\/2021\/07\/Titelbild_Blog_nachhaltiges_Fuellmaterial-750x500.jpg\" srcset=\"https:\/\/www.pack-verde.com\/blog\/wp-content\/uploads\/2021\/07\/Titelbild_Blog_nachhaltiges_Fuellmaterial-750x500.jpg 750w\" style=\"--ratio: 750 \/ 500\" sizes=\"(max-width: 750px) 100vw, 750px\" alt=\"Titelbild Blog nachhaltiges Fuellmaterial\" title=\"Titelbild Blog nachhaltiges Fuellmaterial\" width=\"750\" height=\"500\"  \/><\/a>\n\t<\/div>\n<\/div>\n\n\n<div class=\"post-entry-content\">\n\n\t<h3 class=\"entry-title\">\n\t\t<a href=\"https:\/\/www.pack-verde.com\/blog\/ch-de\/nachhaltigkeit\/umweltfreundliches-fuellmaterial-und-polstermittel-waren-nachhaltig-und-sicher-versenden\/\" title=\"Umweltfreundliches F\u00fcllmaterial und Polstermittel \u2013 Waren nachhaltig und sicher versenden\" rel=\"bookmark\">Umweltfreundliches F\u00fcllmaterial und Polstermittel \u2013 Waren nachhaltig und sicher versenden<\/a>\n\t<\/h3>\n\n\t<div class=\"entry-meta\"><span class=\"category-link\"><a href=\"https:\/\/www.pack-verde.com\/blog\/ch-de\/.\/nachhaltigkeit\/\">Nachhaltigkeit<\/a>, <a href=\"https:\/\/www.pack-verde.com\/blog\/ch-de\/.\/verpackungsratgeber\/\">Verpackungsratgeber<\/a><\/span><time class=\"entry-date updated\" datetime=\"2021-07-09T00:00:00+02:00\">9. Juli 2021<\/time><\/div>\n\n\t<div class=\"entry-excerpt\"><p>Im Zuge der Diskussion rund um den Umweltschutz wird aus guten Gr\u00fcnden viel auf das \u201egrosse Ganze\u201c und den wichtigen&hellip;<\/p>\n<\/div>\n\t\n<a href=\"https:\/\/www.pack-verde.com\/blog\/ch-de\/nachhaltigkeit\/umweltfreundliches-fuellmaterial-und-polstermittel-waren-nachhaltig-und-sicher-versenden\/\" class=\"dt-btn-s dt-btn post-details details-type-btn\" aria-label=\"Read more about Umweltfreundliches F\u00fcllmaterial und Polstermittel \u2013 Waren nachhaltig und sicher versenden\">Weiterlesen<i class=\"dt-icon-the7-arrow-03\" aria-hidden=\"true\"><\/i><\/a>\n\n<\/div><\/article><article class=\"post project-odd visible post-16606 type-post status-publish format-standard has-post-thumbnail hentry category-nachhaltigkeit category-praxistipps category-109 category-114 description-off\" data-name=\"Nachhaltigkeit im Unternehmen \u2013 in 4 Schritten zur gr\u00fcnen Unternehmensstrategie\" data-date=\"2021-02-12T00:00:00+01:00\">\n\n<div class=\"post-thumbnail-wrap\">\n\t<div class=\"post-thumbnail\">\n\n\t\t\n\t\t\n\t\t<a href=\"https:\/\/www.pack-verde.com\/blog\/ch-de\/nachhaltigkeit\/nachhaltigkeit-im-unternehmen-in-4-schritten-zur-gruenen-unternehmensstrategie\/\" class=\"post-thumbnail-rollover\" ><img decoding=\"async\" class=\"preload-me aspect\" src=\"https:\/\/www.pack-verde.com\/blog\/wp-content\/uploads\/2021\/03\/Nachhaltigkeit-im-Unternehmen_HB-562x375.png\" srcset=\"https:\/\/www.pack-verde.com\/blog\/wp-content\/uploads\/2021\/03\/Nachhaltigkeit-im-Unternehmen_HB-562x375.png 562w\" style=\"--ratio: 562 \/ 375\" sizes=\"(max-width: 562px) 100vw, 562px\" alt=\"Nachhaltigkeit im Unternehmen HB\" title=\"Nachhaltigkeit im Unternehmen HB\" width=\"562\" height=\"375\"  \/><\/a>\n\t<\/div>\n<\/div>\n\n\n<div class=\"post-entry-content\">\n\n\t<h3 class=\"entry-title\">\n\t\t<a href=\"https:\/\/www.pack-verde.com\/blog\/ch-de\/nachhaltigkeit\/nachhaltigkeit-im-unternehmen-in-4-schritten-zur-gruenen-unternehmensstrategie\/\" title=\"Nachhaltigkeit im Unternehmen \u2013 in 4 Schritten zur gr\u00fcnen Unternehmensstrategie\" rel=\"bookmark\">Nachhaltigkeit im Unternehmen \u2013 in 4 Schritten zur gr\u00fcnen Unternehmensstrategie<\/a>\n\t<\/h3>\n\n\t<div class=\"entry-meta\"><span class=\"category-link\"><a href=\"https:\/\/www.pack-verde.com\/blog\/ch-de\/.\/nachhaltigkeit\/\">Nachhaltigkeit<\/a>, <a href=\"https:\/\/www.pack-verde.com\/blog\/ch-de\/.\/praxistipps\/\">Praxis-Tipps<\/a><\/span><time class=\"entry-date updated\" datetime=\"2021-02-12T00:00:00+01:00\">12. Februar 2021<\/time><\/div>\n\n\t<div class=\"entry-excerpt\"><p>Nachhaltigkeit ist heutzutage in aller Munde und immer mehr Menschen in Deutschland geben laut einer Studie der GroupM an, dass&hellip;<\/p>\n<\/div>\n\t\n<a href=\"https:\/\/www.pack-verde.com\/blog\/ch-de\/nachhaltigkeit\/nachhaltigkeit-im-unternehmen-in-4-schritten-zur-gruenen-unternehmensstrategie\/\" class=\"dt-btn-s dt-btn post-details details-type-btn\" aria-label=\"Read more about Nachhaltigkeit im Unternehmen \u2013 in 4 Schritten zur gr\u00fcnen Unternehmensstrategie\">Weiterlesen<i class=\"dt-icon-the7-arrow-03\" aria-hidden=\"true\"><\/i><\/a>\n\n<\/div><\/article><article class=\"post project-odd visible post-16605 type-post status-publish format-standard has-post-thumbnail hentry category-nachhaltigkeit category-109 description-off\" data-name=\"Greenwashing \u2013 was steckt hinter dem Ph\u00e4nomen?\" data-date=\"2020-12-07T00:00:00+01:00\">\n\n<div class=\"post-thumbnail-wrap\">\n\t<div class=\"post-thumbnail\">\n\n\t\t\n\t\t\n\t\t<a href=\"https:\/\/www.pack-verde.com\/blog\/ch-de\/nachhaltigkeit\/greenwashing-was-steckt-hinter-dem-phaenomen\/\" class=\"post-thumbnail-rollover\" ><img decoding=\"async\" class=\"preload-me aspect\" src=\"https:\/\/www.pack-verde.com\/blog\/wp-content\/uploads\/2021\/07\/Greenwashing_HB-720x480.jpg\" srcset=\"https:\/\/www.pack-verde.com\/blog\/wp-content\/uploads\/2021\/07\/Greenwashing_HB-720x480.jpg 720w, https:\/\/www.pack-verde.com\/blog\/wp-content\/uploads\/2021\/07\/Greenwashing_HB-720x479.jpg 720w\" style=\"--ratio: 720 \/ 480\" sizes=\"(max-width: 720px) 100vw, 720px\" alt=\"Greenwashing HB\" title=\"Greenwashing HB\" width=\"720\" height=\"480\"  \/><\/a>\n\t<\/div>\n<\/div>\n\n\n<div class=\"post-entry-content\">\n\n\t<h3 class=\"entry-title\">\n\t\t<a href=\"https:\/\/www.pack-verde.com\/blog\/ch-de\/nachhaltigkeit\/greenwashing-was-steckt-hinter-dem-phaenomen\/\" title=\"Greenwashing \u2013 was steckt hinter dem Ph\u00e4nomen?\" rel=\"bookmark\">Greenwashing \u2013 was steckt hinter dem Ph\u00e4nomen?<\/a>\n\t<\/h3>\n\n\t<div class=\"entry-meta\"><span class=\"category-link\"><a href=\"https:\/\/www.pack-verde.com\/blog\/ch-de\/.\/nachhaltigkeit\/\">Nachhaltigkeit<\/a><\/span><time class=\"entry-date updated\" datetime=\"2020-12-07T00:00:00+01:00\">7. Dezember 2020<\/time><\/div>\n\n\t<div class=\"entry-excerpt\"><p>Heute werben viele Unternehmen damit, dass sie \u201egr\u00fcn\u201c seien. Das suggeriert nicht nur \u00f6kologische Unternehmensverantwortung, sondern auch soziale Verantwortung \u2013&hellip;<\/p>\n<\/div>\n\t\n<a href=\"https:\/\/www.pack-verde.com\/blog\/ch-de\/nachhaltigkeit\/greenwashing-was-steckt-hinter-dem-phaenomen\/\" class=\"dt-btn-s dt-btn post-details details-type-btn\" aria-label=\"Read more about Greenwashing \u2013 was steckt hinter dem Ph\u00e4nomen?\">Weiterlesen<i class=\"dt-icon-the7-arrow-03\" aria-hidden=\"true\"><\/i><\/a>\n\n<\/div><\/article><article class=\"post project-odd visible post-16604 type-post status-publish format-standard has-post-thumbnail hentry category-nachhaltigkeit category-praxistipps category-109 category-114 description-off\" data-name=\"Weniger ist mehr \u2013 Verpackung sparsam nutzen!\" data-date=\"2020-06-11T00:00:00+02:00\">\n\n<div class=\"post-thumbnail-wrap\">\n\t<div class=\"post-thumbnail\">\n\n\t\t\n\t\t\n\t\t<a href=\"https:\/\/www.pack-verde.com\/blog\/ch-de\/nachhaltigkeit\/weniger-ist-mehr\/\" class=\"post-thumbnail-rollover\" ><img decoding=\"async\" class=\"preload-me aspect\" src=\"https:\/\/www.pack-verde.com\/blog\/wp-content\/uploads\/2021\/07\/weniger-ist-mehr_HB-e1657694754650-562x375.png\" srcset=\"https:\/\/www.pack-verde.com\/blog\/wp-content\/uploads\/2021\/07\/weniger-ist-mehr_HB-e1657694754650-562x375.png 562w\" style=\"--ratio: 562 \/ 375\" sizes=\"(max-width: 562px) 100vw, 562px\" alt=\"weniger ist mehr HB\" title=\"weniger ist mehr HB\" width=\"562\" height=\"375\"  \/><\/a>\n\t<\/div>\n<\/div>\n\n\n<div class=\"post-entry-content\">\n\n\t<h3 class=\"entry-title\">\n\t\t<a href=\"https:\/\/www.pack-verde.com\/blog\/ch-de\/nachhaltigkeit\/weniger-ist-mehr\/\" title=\"Weniger ist mehr \u2013 Verpackung sparsam nutzen!\" rel=\"bookmark\">Weniger ist mehr \u2013 Verpackung sparsam nutzen!<\/a>\n\t<\/h3>\n\n\t<div class=\"entry-meta\"><span class=\"category-link\"><a href=\"https:\/\/www.pack-verde.com\/blog\/ch-de\/.\/nachhaltigkeit\/\">Nachhaltigkeit<\/a>, <a href=\"https:\/\/www.pack-verde.com\/blog\/ch-de\/.\/praxistipps\/\">Praxis-Tipps<\/a><\/span><time class=\"entry-date updated\" datetime=\"2020-06-11T00:00:00+02:00\">11. Juni 2020<\/time><\/div>\n\n\t<div class=\"entry-excerpt\"><p>Was umweltfreundliches Verpacken betrifft, ist neben der Qualit\u00e4t der Verpackung auch die Quantit\u00e4t des verwendeten Materials von Bedeutung. Um den&hellip;<\/p>\n<\/div>\n\t\n<a href=\"https:\/\/www.pack-verde.com\/blog\/ch-de\/nachhaltigkeit\/weniger-ist-mehr\/\" class=\"dt-btn-s dt-btn post-details details-type-btn\" aria-label=\"Read more about Weniger ist mehr \u2013 Verpackung sparsam nutzen!\">Weiterlesen<i class=\"dt-icon-the7-arrow-03\" aria-hidden=\"true\"><\/i><\/a>\n\n<\/div><\/article><article class=\"post project-odd visible post-16596 type-post status-publish format-standard has-post-thumbnail hentry category-nachhaltigkeit category-109 description-off\" data-name=\"Nachhaltigkeit bei packVerde\" data-date=\"2019-10-25T00:00:00+02:00\">\n\n<div class=\"post-thumbnail-wrap\">\n\t<div class=\"post-thumbnail\">\n\n\t\t\n\t\t\n\t\t<a href=\"https:\/\/www.pack-verde.com\/blog\/ch-de\/nachhaltigkeit\/nachhaltigkeit-bei-packverde\/\" class=\"post-thumbnail-rollover\" ><img decoding=\"async\" class=\"preload-me aspect\" src=\"https:\/\/www.pack-verde.com\/blog\/wp-content\/uploads\/2021\/07\/nachhaltigkeit-packverde.png\" srcset=\"https:\/\/www.pack-verde.com\/blog\/wp-content\/uploads\/2021\/07\/nachhaltigkeit-packverde.png 720w\" style=\"--ratio: 720 \/ 480\" sizes=\"(max-width: 720px) 100vw, 720px\" alt=\"nachhaltigkeit packverde\" title=\"nachhaltigkeit packverde\" width=\"720\" height=\"480\"  \/><\/a>\n\t<\/div>\n<\/div>\n\n\n<div class=\"post-entry-content\">\n\n\t<h3 class=\"entry-title\">\n\t\t<a href=\"https:\/\/www.pack-verde.com\/blog\/ch-de\/nachhaltigkeit\/nachhaltigkeit-bei-packverde\/\" title=\"Nachhaltigkeit bei packVerde\" rel=\"bookmark\">Nachhaltigkeit bei packVerde<\/a>\n\t<\/h3>\n\n\t<div class=\"entry-meta\"><span class=\"category-link\"><a href=\"https:\/\/www.pack-verde.com\/blog\/ch-de\/.\/nachhaltigkeit\/\">Nachhaltigkeit<\/a><\/span><time class=\"entry-date updated\" datetime=\"2019-10-25T00:00:00+02:00\">25. Oktober 2019<\/time><\/div>\n\n\t<div class=\"entry-excerpt\"><p>Wir bieten dem, der achtsam verpacken will einmal die passende Beratung und echte Alternativen zu herk\u00f6mmlichen umweltbelastenden Verpackungen. Wir bieten&hellip;<\/p>\n<\/div>\n\t\n<a href=\"https:\/\/www.pack-verde.com\/blog\/ch-de\/nachhaltigkeit\/nachhaltigkeit-bei-packverde\/\" class=\"dt-btn-s dt-btn post-details details-type-btn\" aria-label=\"Read more about Nachhaltigkeit bei packVerde\">Weiterlesen<i class=\"dt-icon-the7-arrow-03\" aria-hidden=\"true\"><\/i><\/a>\n\n<\/div><\/article><\/div>[\/vc_column][\/vc_row]<\/p>\n<\/div>","protected":false},"excerpt":{"rendered":"<p>[vc_row css=&#187;.vc_custom_1620802495703{margin-bottom: 100px !important;}&#187;][vc_column][\/vc_column][\/vc_row][vc_row][vc_column][\/vc_column][\/vc_row]<\/p>\n","protected":false},"author":6,"featured_media":0,"parent":0,"menu_order":0,"comment_status":"closed","ping_status":"closed","template":"","meta":{"footnotes":""},"class_list":["post-16441","page","type-page","status-publish","hentry","description-off"],"yoast_head":"<!-- This site is optimized with the Yoast SEO plugin v27.4 - https:\/\/yoast.com\/product\/yoast-seo-wordpress\/ -->\n<title>Nachhaltigkeit im Unternehmen - packVerde<\/title>\n<meta name=\"robots\" content=\"index, follow, max-snippet:-1, max-image-preview:large, max-video-preview:-1\" \/>\n<link rel=\"canonical\" href=\"https:\/\/www.pack-verde.com\/blog\/ch-de\/nachhaltigkeit-im-unternehmen\/\" \/>\n<meta property=\"og:locale\" content=\"de_DE\" \/>\n<meta property=\"og:type\" content=\"article\" \/>\n<meta property=\"og:title\" content=\"Nachhaltigkeit im Unternehmen - packVerde\" \/>\n<meta property=\"og:description\" content=\"[vc_row css=&#187;.vc_custom_1620802495703{margin-bottom: 100px !important;}&#187;][vc_column][\/vc_column][\/vc_row][vc_row][vc_column][\/vc_column][\/vc_row]\" \/>\n<meta property=\"og:url\" content=\"https:\/\/www.pack-verde.com\/blog\/ch-de\/nachhaltigkeit-im-unternehmen\/\" \/>\n<meta property=\"og:site_name\" content=\"packVerde\" \/>\n<meta property=\"article:publisher\" content=\"https:\/\/www.facebook.com\/packVerdeVerpackungen\" \/>\n<meta name=\"twitter:card\" content=\"summary_large_image\" \/>\n<meta name=\"twitter:label1\" content=\"Gesch\u00e4tzte Lesezeit\" \/>\n\t<meta name=\"twitter:data1\" content=\"1\u00a0Minute\" \/>\n<script type=\"application\/ld+json\" class=\"yoast-schema-graph\">{\"@context\":\"https:\\\/\\\/schema.org\",\"@graph\":[{\"@type\":\"WebPage\",\"@id\":\"https:\\\/\\\/www.pack-verde.com\\\/blog\\\/ch-de\\\/nachhaltigkeit-im-unternehmen\\\/\",\"url\":\"https:\\\/\\\/www.pack-verde.com\\\/blog\\\/ch-de\\\/nachhaltigkeit-im-unternehmen\\\/\",\"name\":\"Nachhaltigkeit im Unternehmen - packVerde\",\"isPartOf\":{\"@id\":\"https:\\\/\\\/www.pack-verde.com\\\/blog\\\/ch-de\\\/#website\"},\"datePublished\":\"2021-07-07T09:55:35+00:00\",\"breadcrumb\":{\"@id\":\"https:\\\/\\\/www.pack-verde.com\\\/blog\\\/ch-de\\\/nachhaltigkeit-im-unternehmen\\\/#breadcrumb\"},\"inLanguage\":\"de-CH\",\"potentialAction\":[{\"@type\":\"ReadAction\",\"target\":[\"https:\\\/\\\/www.pack-verde.com\\\/blog\\\/ch-de\\\/nachhaltigkeit-im-unternehmen\\\/\"]}]},{\"@type\":\"BreadcrumbList\",\"@id\":\"https:\\\/\\\/www.pack-verde.com\\\/blog\\\/ch-de\\\/nachhaltigkeit-im-unternehmen\\\/#breadcrumb\",\"itemListElement\":[{\"@type\":\"ListItem\",\"position\":1,\"name\":\"Startseite\",\"item\":\"https:\\\/\\\/www.pack-verde.com\\\/blog\\\/ch-de\\\/\"},{\"@type\":\"ListItem\",\"position\":2,\"name\":\"Nachhaltigkeit im Unternehmen\"}]},{\"@type\":\"WebSite\",\"@id\":\"https:\\\/\\\/www.pack-verde.com\\\/blog\\\/ch-de\\\/#website\",\"url\":\"https:\\\/\\\/www.pack-verde.com\\\/blog\\\/ch-de\\\/\",\"name\":\"packVerde\",\"description\":\"achtsam verpackt\",\"publisher\":{\"@id\":\"https:\\\/\\\/www.pack-verde.com\\\/blog\\\/ch-de\\\/#organization\"},\"potentialAction\":[{\"@type\":\"SearchAction\",\"target\":{\"@type\":\"EntryPoint\",\"urlTemplate\":\"https:\\\/\\\/www.pack-verde.com\\\/blog\\\/ch-de\\\/?s={search_term_string}\"},\"query-input\":{\"@type\":\"PropertyValueSpecification\",\"valueRequired\":true,\"valueName\":\"search_term_string\"}}],\"inLanguage\":\"de-CH\"},{\"@type\":\"Organization\",\"@id\":\"https:\\\/\\\/www.pack-verde.com\\\/blog\\\/ch-de\\\/#organization\",\"name\":\"packVerde Blog\",\"url\":\"https:\\\/\\\/www.pack-verde.com\\\/blog\\\/ch-de\\\/\",\"logo\":{\"@type\":\"ImageObject\",\"inLanguage\":\"de-CH\",\"@id\":\"https:\\\/\\\/www.pack-verde.com\\\/blog\\\/ch-de\\\/#\\\/schema\\\/logo\\\/image\\\/\",\"url\":\"https:\\\/\\\/www.pack-verde.com\\\/blog\\\/wp-content\\\/uploads\\\/2021\\\/03\\\/packVerde-logo-150w.png\",\"contentUrl\":\"https:\\\/\\\/www.pack-verde.com\\\/blog\\\/wp-content\\\/uploads\\\/2021\\\/03\\\/packVerde-logo-150w.png\",\"width\":150,\"height\":90,\"caption\":\"packVerde Blog\"},\"image\":{\"@id\":\"https:\\\/\\\/www.pack-verde.com\\\/blog\\\/ch-de\\\/#\\\/schema\\\/logo\\\/image\\\/\"},\"sameAs\":[\"https:\\\/\\\/www.facebook.com\\\/packVerdeVerpackungen\",\"https:\\\/\\\/www.linkedin.com\\\/company\\\/packverde\\\/\"]}]}<\/script>\n<!-- \/ Yoast SEO plugin. -->","yoast_head_json":{"title":"Nachhaltigkeit im Unternehmen - packVerde","robots":{"index":"index","follow":"follow","max-snippet":"max-snippet:-1","max-image-preview":"max-image-preview:large","max-video-preview":"max-video-preview:-1"},"canonical":"https:\/\/www.pack-verde.com\/blog\/ch-de\/nachhaltigkeit-im-unternehmen\/","og_locale":"de_DE","og_type":"article","og_title":"Nachhaltigkeit im Unternehmen - packVerde","og_description":"[vc_row css=&#187;.vc_custom_1620802495703{margin-bottom: 100px !important;}&#187;][vc_column][\/vc_column][\/vc_row][vc_row][vc_column][\/vc_column][\/vc_row]","og_url":"https:\/\/www.pack-verde.com\/blog\/ch-de\/nachhaltigkeit-im-unternehmen\/","og_site_name":"packVerde","article_publisher":"https:\/\/www.facebook.com\/packVerdeVerpackungen","twitter_card":"summary_large_image","twitter_misc":{"Gesch\u00e4tzte Lesezeit":"1\u00a0Minute"},"schema":{"@context":"https:\/\/schema.org","@graph":[{"@type":"WebPage","@id":"https:\/\/www.pack-verde.com\/blog\/ch-de\/nachhaltigkeit-im-unternehmen\/","url":"https:\/\/www.pack-verde.com\/blog\/ch-de\/nachhaltigkeit-im-unternehmen\/","name":"Nachhaltigkeit im Unternehmen - packVerde","isPartOf":{"@id":"https:\/\/www.pack-verde.com\/blog\/ch-de\/#website"},"datePublished":"2021-07-07T09:55:35+00:00","breadcrumb":{"@id":"https:\/\/www.pack-verde.com\/blog\/ch-de\/nachhaltigkeit-im-unternehmen\/#breadcrumb"},"inLanguage":"de-CH","potentialAction":[{"@type":"ReadAction","target":["https:\/\/www.pack-verde.com\/blog\/ch-de\/nachhaltigkeit-im-unternehmen\/"]}]},{"@type":"BreadcrumbList","@id":"https:\/\/www.pack-verde.com\/blog\/ch-de\/nachhaltigkeit-im-unternehmen\/#breadcrumb","itemListElement":[{"@type":"ListItem","position":1,"name":"Startseite","item":"https:\/\/www.pack-verde.com\/blog\/ch-de\/"},{"@type":"ListItem","position":2,"name":"Nachhaltigkeit im Unternehmen"}]},{"@type":"WebSite","@id":"https:\/\/www.pack-verde.com\/blog\/ch-de\/#website","url":"https:\/\/www.pack-verde.com\/blog\/ch-de\/","name":"packVerde","description":"achtsam verpackt","publisher":{"@id":"https:\/\/www.pack-verde.com\/blog\/ch-de\/#organization"},"potentialAction":[{"@type":"SearchAction","target":{"@type":"EntryPoint","urlTemplate":"https:\/\/www.pack-verde.com\/blog\/ch-de\/?s={search_term_string}"},"query-input":{"@type":"PropertyValueSpecification","valueRequired":true,"valueName":"search_term_string"}}],"inLanguage":"de-CH"},{"@type":"Organization","@id":"https:\/\/www.pack-verde.com\/blog\/ch-de\/#organization","name":"packVerde Blog","url":"https:\/\/www.pack-verde.com\/blog\/ch-de\/","logo":{"@type":"ImageObject","inLanguage":"de-CH","@id":"https:\/\/www.pack-verde.com\/blog\/ch-de\/#\/schema\/logo\/image\/","url":"https:\/\/www.pack-verde.com\/blog\/wp-content\/uploads\/2021\/03\/packVerde-logo-150w.png","contentUrl":"https:\/\/www.pack-verde.com\/blog\/wp-content\/uploads\/2021\/03\/packVerde-logo-150w.png","width":150,"height":90,"caption":"packVerde Blog"},"image":{"@id":"https:\/\/www.pack-verde.com\/blog\/ch-de\/#\/schema\/logo\/image\/"},"sameAs":["https:\/\/www.facebook.com\/packVerdeVerpackungen","https:\/\/www.linkedin.com\/company\/packverde\/"]}]}},"_links":{"self":[{"href":"https:\/\/www.pack-verde.com\/blog\/ch-de\/wp-json\/wp\/v2\/pages\/16441","targetHints":{"allow":["GET"]}}],"collection":[{"href":"https:\/\/www.pack-verde.com\/blog\/ch-de\/wp-json\/wp\/v2\/pages"}],"about":[{"href":"https:\/\/www.pack-verde.com\/blog\/ch-de\/wp-json\/wp\/v2\/types\/page"}],"author":[{"embeddable":true,"href":"https:\/\/www.pack-verde.com\/blog\/ch-de\/wp-json\/wp\/v2\/users\/6"}],"replies":[{"embeddable":true,"href":"https:\/\/www.pack-verde.com\/blog\/ch-de\/wp-json\/wp\/v2\/comments?post=16441"}],"version-history":[{"count":0,"href":"https:\/\/www.pack-verde.com\/blog\/ch-de\/wp-json\/wp\/v2\/pages\/16441\/revisions"}],"wp:attachment":[{"href":"https:\/\/www.pack-verde.com\/blog\/ch-de\/wp-json\/wp\/v2\/media?parent=16441"}],"curies":[{"name":"wp","href":"https:\/\/api.w.org\/{rel}","templated":true}]}}